{"id":57201,"date":"2025-05-09T10:16:42","date_gmt":"2025-05-09T10:16:42","guid":{"rendered":"https:\/\/macambients.com\/?page_id=57201"},"modified":"2025-05-09T11:53:45","modified_gmt":"2025-05-09T11:53:45","slug":"reformas-integrales","status":"publish","type":"page","link":"https:\/\/macambients.com\/es\/reformas-integrales\/","title":{"rendered":"REFORMAS INTEGRALES"},"content":{"rendered":"<section class=\"row-am reformes-mida common_padding\">\n\t\t<div class=\"container-fluid clearfix\">\n\t\t\t<h2>REFORMAS A MEDIDA, PENSADAS PARA VIVIRLAS<\/h2>\n\t\t\t<div class=\"left\">\n\t\t\t\t<p>En Mac Ambients transformamos espacios para que se adapten plenamente a tus gustos y a tu estilo de vida. Realizamos reformas integrales que combinan funcionalidad, dise\u00f1o y personalidad, cuidando cada detalle para que el resultado est\u00e9 a la altura de tus ilusiones. Cocinas, ba\u00f1os, comedores, dormitorios&#8230; repensamos cada rinc\u00f3n con soluciones inteligentes y materiales de calidad.<\/p>\n<p>Te acompa\u00f1amos en todo el proceso, desde la idea inicial hasta la instalaci\u00f3n final, con la experiencia de un equipo que entiende que una reforma no es solo un cambio de espacio, sino una nueva forma de vivirlo.<\/p>\n\t\t\t\t<a href=\"https:\/\/macambients.com\/es\/contacto\/\" class=\"blue-btn\">QUIERO INFORMACI\u00d3N<\/a>\n\t\t\t<\/div>\n\t\t<\/div>\n\t<\/section><section class=\"row-am reformes-mida-gallery clearfix\">\n\t\t<div class=\"left\">\n\t\t\t<img decoding=\"async\" src=\"https:\/\/macambients.com\/wp-content\/themes\/mac\/images\/lp-left-img.png\">\n\t\t<\/div> \n\t\t<div class=\"right\">\n\t\t\t<img decoding=\"async\" src=\"https:\/\/macambients.com\/wp-content\/themes\/mac\/images\/lp-right-img.png\">\n\t\t<\/div>\n\t<\/section><section class=\"row-am projecte-cuina common_padding\">\n\t\t<div class=\"container-fluid clearfix\">\n\t\t\t\n\t\t\t<div class=\"left\">\n<h2>Tu proyecto de cocina, del primer boceto a la cocina de tus sue\u00f1os.<\/h2>\n\t\t\t<h3>Dise\u00f1o, calidad y acompa\u00f1amiento en todo momento.<\/h3>\n\t\t\t\t<p class=\"blue-color\">En Mac Ambients te ofrecemos una experiencia completa en dise\u00f1o de cocinas a medida. No trabajamos con soluciones est\u00e1ndar: cada proyecto es \u00fanico y comienza escuch\u00e1ndote. Analizamos el espacio, el estilo de vida y las necesidades de cada familia para crear una propuesta funcional, equilibrada y con una est\u00e9tica cuidada.<\/p>\n\t\t\t\t<p>Desde el primer boceto hasta la instalaci\u00f3n final, nuestro equipo te acompa\u00f1a con un asesoramiento personalizado.\n<\/p>\n\t\t\t\t<p>Trabajamos con fabricantes de confianza y mobiliario de cocina de alta calidad, que garantizan durabilidad, seguridad y un dise\u00f1o que se adapta a ti. Ya sea una cocina moderna con l\u00edneas limpias o un ambiente c\u00e1lido con texturas naturales, encontramos el equilibrio perfecto entre funcionalidad y estilo.<\/p>\n\t\t\t\t<p class=\"blue-color\">Conf\u00eda en Mac Ambients para transformar tu cocina en un espacio inspirador, hecho a medida para ti y pensado para vivirlo intensamente.\n\n<\/p>\n\t\t\t<\/div>\n\t\t\t<div class=\"right\">\n\t\t\t\t<img decoding=\"async\" src=\"https:\/\/macambients.com\/wp-content\/themes\/mac\/images\/projecte-cuina-img.png\">\n\t\t\t<\/div>\n\t\t<\/div>\n\t<\/section><section class=\"row-am botigues_section common_padding\">\n\t\t<div class=\"container-fluid\">\n\t\t\t<h2>Tiendas donde trabajamos proyectos de reformas integrales<\/h2>\n\t\t<\/div>\n\t<\/section><section class=\"common_padding store_address_section\">\n\t\t<div class=\"container-fluid\">\n\t\t\t<div class=\"address_block\">\n\t\t\t\t<h2 class=\"place_title\">Barcelona<\/h2>\n\t\t\t\t<ul class=\"address_list\">\n\t\t\t\t\t<li>\n\t\t\t\t\t\t<div class=\"wpgmp_locations\">\n\t\t\t\t\t\t\t<p><\/p>\n\t\t\t\t\t\t\t<a target=\"_blank\" href=\"https:\/\/maps.google.com\/?q=Mac Ambients A Nivell, Carrer de les Cam\u00e8lies, 32, 08024\" data-zoom=\"5\" data-marker=\"29\" rel=\"noopener\">\n\t\t\t\t\t\t\t<p>\n\t\t\t\t\t\t\t\tMac Ambients A Nivell\n\t\t\t\t\t\t\t<\/p> <\/a>\n\t\t\t\t\t\t\t<span>Carrer de les Cam\u00e8lies, 32, 08024<\/span>\n\t\t\t\t\t\t\t<span> Barcelona <\/span>\n\t\t\t\t\t\t\t<span><\/span>\n\t\t\t\t\t\t\t<span>T. <a href=\"tel:93 210 28 23\">93 210 28 23<\/a><\/span>\n\t\t\t\t\t\t\t<p><\/p>\n\t\t\t\t\t\t<\/div>\n\t\t\t\t\t<\/li>\n\t\t\t\t\t<li>\n\t\t\t\t\t\t<div class=\"wpgmp_locations\">\n\t\t\t\t\t\t\t<p><\/p>\n\t\t\t\t\t\t\t<a target=\"_blank\" href=\"https:\/\/maps.google.com\/?q=Mac Ambients Baldomero, Carrer del Migdia, 46, 08788 Vilanova del Cam\u00ed\" data-zoom=\"5\" data-marker=\"1\" rel=\"noopener\">\n\t\t\t\t\t\t\t<p>\n\t\t\t\t\t\t\t\tMac Ambients Baldomero\n\t\t\t\t\t\t\t<\/p> <\/a>\n\t\t\t\t\t\t\t<span>Carrer del Migdia, 46, 08788 Vilanova del Cam\u00ed<\/span>\n\t\t\t\t\t\t\t<span> Barcelona <\/span>\n\t\t\t\t\t\t\t<span>vilanovadelcami@macmobles.com<\/span>\n\t\t\t\t\t\t\t<span>T. <a href=\"tel:93 803 57 28\">93 803 57 28<\/a><\/span>\n\t\t\t\t\t\t\t<p><\/p>\n\t\t\t\t\t\t<\/div>\n\t\t\t\t\t<\/li>\n\t\t\t\t\t\n\t\t\t\t\t<li>\n\t\t\t\t\t\t<div class=\"wpgmp_locations\">\n\t\t\t\t\t\t\t<p><\/p>\n\t\t\t\t\t\t\t<a target=\"_blank\" href=\"https:\/\/maps.google.com\/?q=Mac Ambients InDeco, Pla\u00e7a del Doctor Galt\u00e9s, 7, 08172 Sant Cugat del Vall\u00e8s\" data-zoom=\"5\" data-marker=\"11\" rel=\"noopener\">\n\t\t\t\t\t\t\t<p>\n\t\t\t\t\t\t\t\tMac Ambients InDeco\n\t\t\t\t\t\t\t<\/p> <\/a>\n\t\t\t\t\t\t\t<span>Pla\u00e7a del Doctor Galt\u00e9s, 7, 08172 Sant Cugat del Vall\u00e8s<\/span>\n\t\t\t\t\t\t\t<span> Barcelona <\/span>\n\t\t\t\t\t\t\t<span>santcugat@macmobles.com<\/span>\n\t\t\t\t\t\t\t<span>T. <a href=\"tel:93 674 58 51\">93 674 58 51<\/a><\/span>\n\t\t\t\t\t\t\t<p><\/p>\n\t\t\t\t\t\t<\/div>\n\t\t\t\t\t<\/li>\n\t\t\t\t\t<li>\n\t\t\t\t\t\t<div class=\"wpgmp_locations\">\n\t\t\t\t\t\t\t<p><\/p>\n\t\t\t\t\t\t\t<a target=\"_blank\" href=\"https:\/\/maps.google.com\/?q=Mac Ambients Rovira, Carrer de Barcelona, 338, 08620 Sant Vicen\u00e7 dels Horts\" data-zoom=\"5\" data-marker=\"21\" rel=\"noopener\">\n\t\t\t\t\t\t\t<p>\n\t\t\t\t\t\t\t\tMac Ambients Rovira\n\t\t\t\t\t\t\t<\/p> <\/a>\n\t\t\t\t\t\t\t<span>Carrer de Barcelona, 338, 08620 Sant Vicen\u00e7 dels Horts<\/span>\n\t\t\t\t\t\t\t<span> Barcelona <\/span>\n\t\t\t\t\t\t\t<span>stvicens@macmobles.com<\/span>\n\t\t\t\t\t\t\t<span>T. <a href=\"tel:93 656 10 57\">93 656 10 57<\/a><\/span>\n\t\t\t\t\t\t\t<p><\/p>\n\t\t\t\t\t\t<\/div>\n\t\t\t\t\t<\/li>\n\t\t\t\t\t\t<li>\n\t\t\t\t\t\t<div class=\"wpgmp_locations\">\n\t\t\t\t\t\t\t<p><\/p>\n\t\t\t\t\t\t\t<a target=\"_blank\" href=\"https:\/\/maps.google.com\/?q=Mac Ambients Zona Franca, Ctra. del Prat, 11 08038\" data-zoom=\"5\" data-marker=\"25\" rel=\"noopener\">\n\t\t\t\t\t\t\t<p>\n\t\t\t\t\t\t\t\tMac Ambients Zona Franca\n\t\t\t\t\t\t\t<\/p> <\/a>\n\t\t\t\t\t\t\t<span>Ctra. del Prat, 11 08038<\/span>\n\t\t\t\t\t\t\t<span> Barcelona <\/span>\n\t\t\t\t\t\t\t<span>bcnzonafranca2@macmobles.com<\/span>\n\t\t\t\t\t\t\t<span>T. <a href=\"tel:93 421 20 70\">93 421 20 70<\/a><\/span>\n\t\t\t\t\t\t\t<p><\/p>\n\t\t\t\t\t\t<\/div>\n\t\t\t\t\t<\/li>\n\t\t\t\t\t<li>\n\t\t\t\t\t\t<div class=\"wpgmp_locations\">\n\t\t\t\t\t\t\t<p><\/p>\n\t\t\t\t\t\t\t<a target=\"_blank\" href=\"https:\/\/maps.google.com\/?q=Mac Ambients Zona Franca, Passeig de la Zona Franca, 141, 08038\" data-zoom=\"5\" data-marker=\"30\" rel=\"noopener\">\n\t\t\t\t\t\t\t<p>\n\t\t\t\t\t\t\t\tMac Ambients Zona Franca\n\t\t\t\t\t\t\t<\/p> <\/a>\n\t\t\t\t\t\t\t<span>Passeig de la Zona Franca, 141, 08038<\/span>\n\t\t\t\t\t\t\t<span> Barcelona <\/span>\n\t\t\t\t\t\t\t<span>bcnzonafranca@macmobles.com<\/span>\n\t\t\t\t\t\t\t<span>T. <a href=\"tel:93 432 37 99\">93 432 37 99<\/a><\/span>\n\t\t\t\t\t\t\t<p><\/p>\n\t\t\t\t\t\t<\/div>\n\t\t\t\t\t<\/li>\n\t\t\t\t\t\n\t\t\t\t\t<li>\n\t\t\t\t\t\t<div class=\"wpgmp_locations\">\n\t\t\t\t\t\t\t<p><\/p>\n\t\t\t\t\t\t\t<a target=\"_blank\" href=\"https:\/\/maps.google.com\/?q=Mac Ambients Montan\u00e9, Carrer Ramis, 1, 08470 Sant Celoni\" data-zoom=\"5\" data-marker=\"14\" rel=\"noopener\">\n\t\t\t\t\t\t\t<p>\n\t\t\t\t\t\t\t\tMac Ambients Montan\u00e9\n\t\t\t\t\t\t\t<\/p> <\/a>\n\t\t\t\t\t\t\t<span>Carrer Ramis, 1, 08470 Sant Celoni<\/span>\n\t\t\t\t\t\t\t<span> Barcelona <\/span>\n\t\t\t\t\t\t\t<span>stceloni@macmobles.com<\/span>\n\t\t\t\t\t\t\t<span>T. <a href=\"tel:93 867 30 78\">93 867 30 78<\/a><\/span>\n\t\t\t\t\t\t\t<p><\/p>\n\t\t\t\t\t\t<\/div>\n\t\t\t\t\t<\/li>\n\t\t\t\t\t<li>\n\t\t\t\t\t\t<div class=\"wpgmp_locations\">\n\t\t\t\t\t\t\t<p><\/p>\n\t\t\t\t\t\t\t<a target=\"_blank\" href=\"https:\/\/maps.google.com\/?q=Mac Ambients Pened\u00e9s, Carrer de Sant Sadurn\u00ed, 66, 08720 Vilafranca del Pened\u00e8s\" data-zoom=\"5\" data-marker=\"16\" rel=\"noopener\">\n\t\t\t\t\t\t\t<p>\n\t\t\t\t\t\t\t\tMac Ambients Pened\u00e9s\n\t\t\t\t\t\t\t<\/p> <\/a>\n\t\t\t\t\t\t\t<span>Carrer de Sant Sadurn\u00ed, 66, 08720 Vilafranca del Pened\u00e8s<\/span>\n\t\t\t\t\t\t\t<span> Barcelona <\/span>\n\t\t\t\t\t\t\t<span>penedes@macmobles.com<\/span>\n\t\t\t\t\t\t\t<span>T. <a href=\"tel:93 892 38 41\">93 892 38 41<\/a><\/span>\n\t\t\t\t\t\t\t<p><\/p>\n\t\t\t\t\t\t<\/div>\n\t\t\t\t\t<\/li>\n\t\t\t\t\t\n\t\t\t\t<\/ul>\n\t\t\t\t<h2 class=\"place_title\">Lleida<\/h2>\n\t\t\t\t<ul class=\"address_list\">\n\t\t\t\t\t\n\t\t\t\t\t<li>\n\t\t\t\t\t\t<div class=\"wpgmp_locations\">\n\t\t\t\t\t\t\t<p><\/p>\n\t\t\t\t\t\t\t<a target=\"_blank\" href=\"https:\/\/maps.google.com\/?q=Mac Ambients Bess\u00f3, Rambla dels Pa\u00efsos Catalans, 41, 25241 Golm\u00e9s\" data-zoom=\"5\" data-marker=\"2\" rel=\"noopener\">\n\t\t\t\t\t\t\t<p>\n\t\t\t\t\t\t\t\tMac Ambients Bess\u00f3\n\t\t\t\t\t\t\t<\/p> <\/a>\n\t\t\t\t\t\t\t<span>Rambla dels Pa\u00efsos Catalans, 41, 25241 Golm\u00e9s<\/span>\n\t\t\t\t\t\t\t<span> Lleida <\/span>\n\t\t\t\t\t\t\t<span>mollerussa@macmobles.com<\/span>\n\t\t\t\t\t\t\t<span>T. <a href=\"tel:973 60 02 76\">973 60 02 76<\/a><\/span>\n\t\t\t\t\t\t\t<p><\/p>\n\t\t\t\t\t\t<\/div>\n\t\t\t\t\t<\/li>\n\t\t\t\t\t\n\t\t\t\t<\/ul>\n\t\t\t\t\n\t\t\t\t<h2 class=\"place_title\">Girona<\/h2>\n\t\t\t\t<ul class=\"address_list\">\n\t\t\t\t\t\n\t\t\t\t\t<li>\n\t\t\t\t\t\t<div class=\"wpgmp_locations\">\n\t\t\t\t\t\t\t<p><\/p>\n\t\t\t\t\t\t\t<a target=\"_blank\" href=\"https:\/\/maps.google.com\/?q=Mac Ambients Ter, Avinguda de Llu\u00eds Companys, 17, 17257 Torroella de Montgr\u00ed\" data-zoom=\"5\" data-marker=\"24\" rel=\"noopener\">\n\t\t\t\t\t\t\t<p>\n\t\t\t\t\t\t\t\tMac Ambients Ter\n\t\t\t\t\t\t\t<\/p> <\/a>\n\t\t\t\t\t\t\t<span>Avinguda de Llu\u00eds Companys, 17, 17257 Torroella de Montgr\u00ed<\/span>\n\t\t\t\t\t\t\t<span> Girona <\/span>\n\t\t\t\t\t\t\t<span>torroella@macmobles.com<\/span>\n\t\t\t\t\t\t\t<span>T. <a href=\"tel:972 75 83 17\">972 75 83 17<\/a><\/span>\n\t\t\t\t\t\t\t<p><\/p>\n\t\t\t\t\t\t<\/div>\n\t\t\t\t\t<\/li>\n\t\t\t\t\t<li>\n\t\t\t\t\t\t<div class=\"wpgmp_locations\">\n\t\t\t\t\t\t\t<p><\/p>\n\t\t\t\t\t\t\t<a target=\"_blank\" href=\"https:\/\/maps.google.com\/?q=Mac Ambients Martorell Vilob\u00ed, Carrer Sant Narc\u00eds, 17, 17185 Vilob\u00ed d'Onyar\" data-zoom=\"5\" data-marker=\"13\" rel=\"noopener\">\n\t\t\t\t\t\t\t<p>\n\t\t\t\t\t\t\t\tMac Ambients Martorell Vilob\u00ed\n\t\t\t\t\t\t\t<\/p> <\/a>\n\t\t\t\t\t\t\t<span>Carrer Sant Narc\u00eds, 17, 17185 Vilob\u00ed d&#8217;Onyar<\/span>\n\t\t\t\t\t\t\t<span> Girona <\/span>\n\t\t\t\t\t\t\t<span>vilobi@macmobles.com<\/span>\n\t\t\t\t\t\t\t<span>T. <a href=\"tel:972 47 30 86\">972 47 30 86<\/a><\/span>\n\t\t\t\t\t\t\t<p><\/p>\n\t\t\t\t\t\t<\/div>\n\t\t\t\t\t<\/li>\n\t\t\t\t\t\n\t\t\t\t<\/ul>\n\t\t\t<\/div>\n\t\t<\/div>\n\t<\/section><section class=\"row-am lp-bottom\">\n\t\t<img decoding=\"async\" src=\"https:\/\/macambients.com\/wp-content\/themes\/mac\/images\/lp-bottom-img.png\">\n\t<\/section><section class=\"news_letter_section common_padding\">\n\t\t<div class=\"container-fluid\">\n\t\t\t<div class=\"row\">\n\t\t\t\t<div class=\"col-md-6\">\n\t\t\t\t\t<h2> Newsletter <\/h2>\n\t\t\t\t\t<p>\n\t\t\t\t\t\tSuscr\u00edbete a nuestra news y recibir\u00e1s todas las nuevas tendencias.\n\t\t\t\t\t<\/p>\n\t\t\t\t<\/div>\n\t\t\t\t<div class=\"col-md-6 d-flex\">\n\t\t\t\t\t<div class=\"wpcf7 js\" id=\"wpcf7-f24534-o1\" lang=\"en-US\" dir=\"ltr\">\n\t\t\t\t\t\t<div class=\"screen-reader-response\">\n\t\t\t\t\t\t\t<p role=\"status\" aria-live=\"polite\" aria-atomic=\"true\"><\/p>\n\t\t\t\t\t\t\t<ul><li id=\"wpcf7-f24534-o1-ve-email-list\">El campo es obligatorio.<\/li><\/ul>\n\t\t\t\t\t\t<\/div>\n\t\t\t\t\t\t<form action=\"\/#wpcf7-f24534-o1\" method=\"post\" class=\"wpcf7-form mailchimp-ext-0.5.72 init\" aria-label=\"Contact form\" novalidate=\"novalidate\" data-status=\"init\" data-gtm-form-interact-id=\"0\">\n\t\t\t\t\t\t\t<div style=\"display: none;\">\n\t\t\t\t\t\t\t\t<input type=\"hidden\" name=\"_wpcf7\" value=\"24534\">\n\t\t\t\t\t\t\t\t<input type=\"hidden\" name=\"_wpcf7_version\" value=\"5.9.8\">\n\t\t\t\t\t\t\t\t<input type=\"hidden\" name=\"_wpcf7_locale\" value=\"en_US\">\n\t\t\t\t\t\t\t\t<input type=\"hidden\" name=\"_wpcf7_unit_tag\" value=\"wpcf7-f24534-o1\">\n\t\t\t\t\t\t\t\t<input type=\"hidden\" name=\"_wpcf7_container_post\" value=\"0\">\n\t\t\t\t\t\t\t\t<input type=\"hidden\" name=\"_wpcf7_posted_data_hash\" value=\"\">\n\t\t\t\t\t\t\t\t<input type=\"hidden\" name=\"_wpcf7_recaptcha_response\" value=\"\">\n\t\t\t\t\t\t\t<\/div>\n\t\t\t\t\t\t\t<div class=\"form-group\">\n\t\t\t\t\t\t\t\t<p>\n\t\t\t\t\t\t\t\t\t<span class=\"wpcf7-form-control-wrap\" data-name=\"email-list\">\n\t\t\t\t\t\t\t\t\t\t<input size=\"40\" maxlength=\"400\" class=\"wpcf7-form-control wpcf7-email wpcf7-validates-as-required wpcf7-text wpcf7-validates-as-email wpcf7-not-valid\" aria-required=\"true\" aria-invalid=\"true\" value=\"\" type=\"email\" name=\"email-list\" aria-describedby=\"wpcf7-f24534-o1-ve-email-list\">\n\t\t\t\t\t\t\t\t\t<span class=\"wpcf7-not-valid-tip\" aria-hidden=\"true\">El campo es obligatorio.<\/span><\/span>\n\t\t\t\t\t\t\t\t\t<br>\n\t\t\t\t\t\t\t\t\t<input class=\"wpcf7-form-control wpcf7-submit has-spinner btn_main btn_dark\" type=\"submit\" value=\"Enviar\" disabled=\"\"><span class=\"wpcf7-spinner\"><\/span>\n\t\t\t\t\t\t\t\t<\/p>\n\t\t\t\t\t\t\t<\/div>\n\t\t\t\t\t\t\t<div class=\"term\">\n\t\t\t\t\t\t\t\t<p>\n\t\t\t\t\t\t\t\t\t<span class=\"wpcf7-form-control-wrap\" data-name=\"your-consent\"><span class=\"wpcf7-form-control wpcf7-acceptance\"><span class=\"wpcf7-list-item\"><label>\n\t\t\t\t\t\t\t\t\t\t\t\t\t<input type=\"checkbox\" name=\"your-consent\" value=\"1\" aria-invalid=\"false\" data-gtm-form-interact-field-id=\"0\">\n\t\t\t\t\t\t\t\t\t\t\t\t\t<span class=\"wpcf7-list-item-label\">Acepto la <a href=\"https:\/\/macambients.com\/ca\/politica-de-privacitat\/\" target=\"_blank\" rel=\"noopener\">pol\u00edtica de privacidad<\/a>.<\/span><\/label><\/span><\/span><\/span>\n\t\t\t\t\t\t\t\t<\/p>\n\t\t\t\t\t\t\t<\/div><div class=\"wpcf7-response-output\" aria-hidden=\"true\"><\/div>\n\t\t\t\t\t\t\t<p style=\"display: none !important\">\n\t\t\t\t\t\t\t\t<span class=\"wpcf7-form-control-wrap referer-page\">\n\t\t\t\t\t\t\t\t\t<input type=\"hidden\" name=\"referer-page\" value=\"https:\/\/macambients.com\/les-nostres-botigues\/\" data-value=\"https:\/\/macambients.com\/les-nostres-botigues\/\" class=\"wpcf7-form-control wpcf7-text referer-page\" aria-invalid=\"false\">\n\t\t\t\t\t\t\t\t<\/span>\n\t\t\t\t\t\t\t<\/p>\n\t\t\t\t\t\t\t<!-- Chimpmatic extension by Renzo Johnson -->\n\t\t\t\t\t\t<\/form>\n\t\t\t\t\t<\/div>\n\t\t\t\t<\/div>\n\t\t\t<\/div>\n\t\t<\/div>\n\t<\/section>","protected":false},"excerpt":{"rendered":"<p>REFORMAS A MEDIDA, PENSADAS PARA VIVIRLAS En Mac Ambients transformamos espacios para que se adapten plenamente a tus gustos y a tu estilo de vida. Realizamos reformas integrales que combinan funcionalidad, dise\u00f1o y personalidad, cuidando cada detalle para que el resultado est\u00e9 a la altura de tus ilusiones. Cocinas, ba\u00f1os, comedores, dormitorios&#8230; repensamos cada rinc\u00f3n [&hellip;]<\/p>\n","protected":false},"author":4,"featured_media":0,"parent":0,"menu_order":0,"comment_status":"closed","ping_status":"closed","template":"page-catalegs.php","meta":{"_acf_changed":false,"_joinchat":[],"footnotes":""},"class_list":["post-57201","page","type-page","status-publish","hentry"],"acf":[],"yoast_head":"<!-- This site is optimized with the Yoast SEO plugin v23.3 - https:\/\/yoast.com\/wordpress\/plugins\/seo\/ -->\n<title>REFORMAS INTEGRALES - MAC - Ambients Singulars<\/title>\n<meta name=\"robots\" content=\"index, follow, max-snippet:-1, max-image-preview:large, max-video-preview:-1\" \/>\n<link rel=\"canonical\" href=\"https:\/\/macambients.com\/es\/reformas-integrales\/\" \/>\n<meta property=\"og:locale\" content=\"es_ES\" \/>\n<meta property=\"og:type\" content=\"article\" \/>\n<meta property=\"og:title\" content=\"REFORMAS INTEGRALES - MAC - Ambients Singulars\" \/>\n<meta property=\"og:description\" content=\"REFORMAS A MEDIDA, PENSADAS PARA VIVIRLAS En Mac Ambients transformamos espacios para que se adapten plenamente a tus gustos y a tu estilo de vida. Realizamos reformas integrales que combinan funcionalidad, dise\u00f1o y personalidad, cuidando cada detalle para que el resultado est\u00e9 a la altura de tus ilusiones. Cocinas, ba\u00f1os, comedores, dormitorios&#8230; repensamos cada rinc\u00f3n [&hellip;]\" \/>\n<meta property=\"og:url\" content=\"https:\/\/macambients.com\/es\/reformas-integrales\/\" \/>\n<meta property=\"og:site_name\" content=\"MAC - Ambients Singulars\" \/>\n<meta property=\"article:modified_time\" content=\"2025-05-09T11:53:45+00:00\" \/>\n<meta property=\"og:image\" content=\"https:\/\/macambients.com\/wp-content\/themes\/mac\/images\/lp-left-img.png\" \/>\n<meta name=\"twitter:card\" content=\"summary_large_image\" \/>\n<meta name=\"twitter:label1\" content=\"Tiempo de lectura\" \/>\n\t<meta name=\"twitter:data1\" content=\"4 minutos\" \/>\n<script type=\"application\/ld+json\" class=\"yoast-schema-graph\">{\"@context\":\"https:\/\/schema.org\",\"@graph\":[{\"@type\":\"WebPage\",\"@id\":\"https:\/\/macambients.com\/es\/reformas-integrales\/\",\"url\":\"https:\/\/macambients.com\/es\/reformas-integrales\/\",\"name\":\"REFORMAS INTEGRALES - MAC - Ambients Singulars\",\"isPartOf\":{\"@id\":\"https:\/\/macambients.com\/es\/#website\"},\"primaryImageOfPage\":{\"@id\":\"https:\/\/macambients.com\/es\/reformas-integrales\/#primaryimage\"},\"image\":{\"@id\":\"https:\/\/macambients.com\/es\/reformas-integrales\/#primaryimage\"},\"thumbnailUrl\":\"https:\/\/macambients.com\/wp-content\/themes\/mac\/images\/lp-left-img.png\",\"datePublished\":\"2025-05-09T10:16:42+00:00\",\"dateModified\":\"2025-05-09T11:53:45+00:00\",\"breadcrumb\":{\"@id\":\"https:\/\/macambients.com\/es\/reformas-integrales\/#breadcrumb\"},\"inLanguage\":\"es\",\"potentialAction\":[{\"@type\":\"ReadAction\",\"target\":[\"https:\/\/macambients.com\/es\/reformas-integrales\/\"]}]},{\"@type\":\"ImageObject\",\"inLanguage\":\"es\",\"@id\":\"https:\/\/macambients.com\/es\/reformas-integrales\/#primaryimage\",\"url\":\"https:\/\/macambients.com\/wp-content\/themes\/mac\/images\/lp-left-img.png\",\"contentUrl\":\"https:\/\/macambients.com\/wp-content\/themes\/mac\/images\/lp-left-img.png\"},{\"@type\":\"BreadcrumbList\",\"@id\":\"https:\/\/macambients.com\/es\/reformas-integrales\/#breadcrumb\",\"itemListElement\":[{\"@type\":\"ListItem\",\"position\":1,\"name\":\"Home\",\"item\":\"https:\/\/macambients.com\/es\/\"},{\"@type\":\"ListItem\",\"position\":2,\"name\":\"REFORMAS INTEGRALES\"}]},{\"@type\":\"WebSite\",\"@id\":\"https:\/\/macambients.com\/es\/#website\",\"url\":\"https:\/\/macambients.com\/es\/\",\"name\":\"MAC - Ambients Singulars\",\"description\":\"\",\"publisher\":{\"@id\":\"https:\/\/macambients.com\/es\/#organization\"},\"potentialAction\":[{\"@type\":\"SearchAction\",\"target\":{\"@type\":\"EntryPoint\",\"urlTemplate\":\"https:\/\/macambients.com\/es\/?s={search_term_string}\"},\"query-input\":\"required name=search_term_string\"}],\"inLanguage\":\"es\"},{\"@type\":\"Organization\",\"@id\":\"https:\/\/macambients.com\/es\/#organization\",\"name\":\"MAC - Ambients Singulars\",\"url\":\"https:\/\/macambients.com\/es\/\",\"logo\":{\"@type\":\"ImageObject\",\"inLanguage\":\"es\",\"@id\":\"https:\/\/macambients.com\/es\/#\/schema\/logo\/image\/\",\"url\":\"https:\/\/macambients.com\/wp-content\/uploads\/2022\/12\/logo.png\",\"contentUrl\":\"https:\/\/macambients.com\/wp-content\/uploads\/2022\/12\/logo.png\",\"width\":270,\"height\":55,\"caption\":\"MAC - Ambients Singulars\"},\"image\":{\"@id\":\"https:\/\/macambients.com\/es\/#\/schema\/logo\/image\/\"}}]}<\/script>\n<!-- \/ Yoast SEO plugin. -->","yoast_head_json":{"title":"REFORMAS INTEGRALES - MAC - Ambients Singulars","robots":{"index":"index","follow":"follow","max-snippet":"max-snippet:-1","max-image-preview":"max-image-preview:large","max-video-preview":"max-video-preview:-1"},"canonical":"https:\/\/macambients.com\/es\/reformas-integrales\/","og_locale":"es_ES","og_type":"article","og_title":"REFORMAS INTEGRALES - MAC - Ambients Singulars","og_description":"REFORMAS A MEDIDA, PENSADAS PARA VIVIRLAS En Mac Ambients transformamos espacios para que se adapten plenamente a tus gustos y a tu estilo de vida. Realizamos reformas integrales que combinan funcionalidad, dise\u00f1o y personalidad, cuidando cada detalle para que el resultado est\u00e9 a la altura de tus ilusiones. Cocinas, ba\u00f1os, comedores, dormitorios&#8230; repensamos cada rinc\u00f3n [&hellip;]","og_url":"https:\/\/macambients.com\/es\/reformas-integrales\/","og_site_name":"MAC - Ambients Singulars","article_modified_time":"2025-05-09T11:53:45+00:00","og_image":[{"url":"https:\/\/macambients.com\/wp-content\/themes\/mac\/images\/lp-left-img.png"}],"twitter_card":"summary_large_image","twitter_misc":{"Tiempo de lectura":"4 minutos"},"schema":{"@context":"https:\/\/schema.org","@graph":[{"@type":"WebPage","@id":"https:\/\/macambients.com\/es\/reformas-integrales\/","url":"https:\/\/macambients.com\/es\/reformas-integrales\/","name":"REFORMAS INTEGRALES - MAC - Ambients Singulars","isPartOf":{"@id":"https:\/\/macambients.com\/es\/#website"},"primaryImageOfPage":{"@id":"https:\/\/macambients.com\/es\/reformas-integrales\/#primaryimage"},"image":{"@id":"https:\/\/macambients.com\/es\/reformas-integrales\/#primaryimage"},"thumbnailUrl":"https:\/\/macambients.com\/wp-content\/themes\/mac\/images\/lp-left-img.png","datePublished":"2025-05-09T10:16:42+00:00","dateModified":"2025-05-09T11:53:45+00:00","breadcrumb":{"@id":"https:\/\/macambients.com\/es\/reformas-integrales\/#breadcrumb"},"inLanguage":"es","potentialAction":[{"@type":"ReadAction","target":["https:\/\/macambients.com\/es\/reformas-integrales\/"]}]},{"@type":"ImageObject","inLanguage":"es","@id":"https:\/\/macambients.com\/es\/reformas-integrales\/#primaryimage","url":"https:\/\/macambients.com\/wp-content\/themes\/mac\/images\/lp-left-img.png","contentUrl":"https:\/\/macambients.com\/wp-content\/themes\/mac\/images\/lp-left-img.png"},{"@type":"BreadcrumbList","@id":"https:\/\/macambients.com\/es\/reformas-integrales\/#breadcrumb","itemListElement":[{"@type":"ListItem","position":1,"name":"Home","item":"https:\/\/macambients.com\/es\/"},{"@type":"ListItem","position":2,"name":"REFORMAS INTEGRALES"}]},{"@type":"WebSite","@id":"https:\/\/macambients.com\/es\/#website","url":"https:\/\/macambients.com\/es\/","name":"MAC - Ambients Singulars","description":"","publisher":{"@id":"https:\/\/macambients.com\/es\/#organization"},"potentialAction":[{"@type":"SearchAction","target":{"@type":"EntryPoint","urlTemplate":"https:\/\/macambients.com\/es\/?s={search_term_string}"},"query-input":"required name=search_term_string"}],"inLanguage":"es"},{"@type":"Organization","@id":"https:\/\/macambients.com\/es\/#organization","name":"MAC - Ambients Singulars","url":"https:\/\/macambients.com\/es\/","logo":{"@type":"ImageObject","inLanguage":"es","@id":"https:\/\/macambients.com\/es\/#\/schema\/logo\/image\/","url":"https:\/\/macambients.com\/wp-content\/uploads\/2022\/12\/logo.png","contentUrl":"https:\/\/macambients.com\/wp-content\/uploads\/2022\/12\/logo.png","width":270,"height":55,"caption":"MAC - Ambients Singulars"},"image":{"@id":"https:\/\/macambients.com\/es\/#\/schema\/logo\/image\/"}}]}},"_links":{"self":[{"href":"https:\/\/macambients.com\/es\/wp-json\/wp\/v2\/pages\/57201"}],"collection":[{"href":"https:\/\/macambients.com\/es\/wp-json\/wp\/v2\/pages"}],"about":[{"href":"https:\/\/macambients.com\/es\/wp-json\/wp\/v2\/types\/page"}],"author":[{"embeddable":true,"href":"https:\/\/macambients.com\/es\/wp-json\/wp\/v2\/users\/4"}],"replies":[{"embeddable":true,"href":"https:\/\/macambients.com\/es\/wp-json\/wp\/v2\/comments?post=57201"}],"version-history":[{"count":3,"href":"https:\/\/macambients.com\/es\/wp-json\/wp\/v2\/pages\/57201\/revisions"}],"predecessor-version":[{"id":57212,"href":"https:\/\/macambients.com\/es\/wp-json\/wp\/v2\/pages\/57201\/revisions\/57212"}],"wp:attachment":[{"href":"https:\/\/macambients.com\/es\/wp-json\/wp\/v2\/media?parent=57201"}],"curies":[{"name":"wp","href":"https:\/\/api.w.org\/{rel}","templated":true}]}}